{"id":7,"date":"2020-05-13T19:22:20","date_gmt":"2020-05-13T19:22:20","guid":{"rendered":"https:\/\/www.danielsaldanaparis.com\/?page_id=7"},"modified":"2025-06-04T14:11:05","modified_gmt":"2025-06-04T14:11:05","slug":"bio","status":"publish","type":"page","link":"https:\/\/www.danielsaldanaparis.com\/en\/bio\/","title":{"rendered":"Bio"},"content":{"rendered":"\t\t<div data-elementor-type=\"wp-page\" data-elementor-id=\"7\" class=\"elementor elementor-7\">\n\t\t\t\t\t\t<section class=\"elementor-section elementor-top-section elementor-element elementor-element-5bf46858 elementor-section-boxed elementor-section-height-default elementor-section-height-default\" data-id=\"5bf46858\" data-element_type=\"section\" data-e-type=\"section\">\n\t\t\t\t\t\t<div class=\"elementor-container elementor-column-gap-default\">\n\t\t\t\t\t<div class=\"elementor-column elementor-col-100 elementor-top-column elementor-element elementor-element-3943664a\" data-id=\"3943664a\" data-element_type=\"column\" data-e-type=\"column\">\n\t\t\t<div class=\"elementor-widget-wrap elementor-element-populated\">\n\t\t\t\t\t\t<div class=\"elementor-element elementor-element-0ccf03b elementor-arrows-position-inside elementor-pagination-position-outside elementor-widget elementor-widget-image-carousel\" data-id=\"0ccf03b\" data-element_type=\"widget\" data-e-type=\"widget\" data-settings=\"{&quot;navigation&quot;:&quot;both&quot;,&quot;autoplay&quot;:&quot;yes&quot;,&quot;pause_on_hover&quot;:&quot;yes&quot;,&quot;pause_on_interaction&quot;:&quot;yes&quot;,&quot;autoplay_speed&quot;:5000,&quot;infinite&quot;:&quot;yes&quot;,&quot;speed&quot;:500}\" data-widget_type=\"image-carousel.default\">\n\t\t\t\t\t\t\t<div class=\"elementor-image-carousel-wrapper swiper\" role=\"region\" aria-roledescription=\"carousel\" aria-label=\"Carrusel de im\u00e1genes\" dir=\"ltr\">\n\t\t\t<div class=\"elementor-image-carousel swiper-wrapper\" aria-live=\"off\">\n\t\t\t\t\t\t\t\t<div class=\"swiper-slide\" role=\"group\" aria-roledescription=\"slide\" aria-label=\"1 de 13\"><figure class=\"swiper-slide-inner\"><img decoding=\"async\" class=\"swiper-slide-image\" src=\"https:\/\/www.danielsaldanaparis.com\/wp-content\/uploads\/2025\/06\/Dance-and-the-fire-199x300.jpg\" alt=\"Dance and the fire\" \/><\/figure><\/div><div class=\"swiper-slide\" role=\"group\" aria-roledescription=\"slide\" aria-label=\"2 de 13\"><figure class=\"swiper-slide-inner\"><img decoding=\"async\" class=\"swiper-slide-image\" src=\"https:\/\/www.danielsaldanaparis.com\/wp-content\/uploads\/2025\/06\/editions-metailie.com-la-danse-et-lincendie-danse-et-lincendie-hd-195x300.jpg\" alt=\"editions-metailie.com-la-danse-et-lincendie-danse-et-lincendie-hd\" \/><\/figure><\/div><div class=\"swiper-slide\" role=\"group\" aria-roledescription=\"slide\" aria-label=\"3 de 13\"><figure class=\"swiper-slide-inner\"><img decoding=\"async\" class=\"swiper-slide-image\" src=\"https:\/\/www.danielsaldanaparis.com\/wp-content\/uploads\/2024\/07\/planes-cover-187x300.jpg\" alt=\"planes cover\" \/><\/figure><\/div><div class=\"swiper-slide\" role=\"group\" aria-roledescription=\"slide\" aria-label=\"4 de 13\"><figure class=\"swiper-slide-inner\"><img decoding=\"async\" class=\"swiper-slide-image\" src=\"https:\/\/www.danielsaldanaparis.com\/wp-content\/uploads\/2024\/07\/il-ballo-200x300.jpg\" alt=\"il ballo\" \/><\/figure><\/div><div class=\"swiper-slide\" role=\"group\" aria-roledescription=\"slide\" aria-label=\"5 de 13\"><figure class=\"swiper-slide-inner\"><img decoding=\"async\" class=\"swiper-slide-image\" src=\"https:\/\/www.danielsaldanaparis.com\/wp-content\/uploads\/2022\/01\/El-baile-y-el-incendio-190x300.jpeg\" alt=\"El baile y el incendio\" \/><\/figure><\/div><div class=\"swiper-slide\" role=\"group\" aria-roledescription=\"slide\" aria-label=\"6 de 13\"><figure class=\"swiper-slide-inner\"><img decoding=\"async\" class=\"swiper-slide-image\" src=\"https:\/\/www.danielsaldanaparis.com\/wp-content\/uploads\/2021\/06\/Aviones-sobrevolando-191x300.jpg\" alt=\"Aviones sobrevolando\" \/><\/figure><\/div><div class=\"swiper-slide\" role=\"group\" aria-roledescription=\"slide\" aria-label=\"7 de 13\"><figure class=\"swiper-slide-inner\"><img decoding=\"async\" class=\"swiper-slide-image\" src=\"https:\/\/www.danielsaldanaparis.com\/wp-content\/uploads\/2021\/06\/El-nervio-principal-Portada-ALTA-196x300.jpg\" alt=\"El nervio principal Portada ALTA\" \/><\/figure><\/div><div class=\"swiper-slide\" role=\"group\" aria-roledescription=\"slide\" aria-label=\"8 de 13\"><figure class=\"swiper-slide-inner\"><img decoding=\"async\" class=\"swiper-slide-image\" src=\"https:\/\/www.danielsaldanaparis.com\/wp-content\/uploads\/2021\/06\/en-medio-de-extranas-portada-197x300.jpg\" alt=\"en medio de extra\u00f1as - portada\" \/><\/figure><\/div><div class=\"swiper-slide\" role=\"group\" aria-roledescription=\"slide\" aria-label=\"9 de 13\"><figure class=\"swiper-slide-inner\"><img decoding=\"async\" class=\"swiper-slide-image\" src=\"https:\/\/www.danielsaldanaparis.com\/wp-content\/uploads\/2021\/06\/ramifications-202x300.jpg\" alt=\"ramifications\" \/><\/figure><\/div><div class=\"swiper-slide\" role=\"group\" aria-roledescription=\"slide\" aria-label=\"10 de 13\"><figure class=\"swiper-slide-inner\"><img decoding=\"async\" class=\"swiper-slide-image\" src=\"https:\/\/www.danielsaldanaparis.com\/wp-content\/uploads\/2021\/06\/couv-plier-bagage-195x300.jpg\" alt=\"couv plier bagage\" \/><\/figure><\/div><div class=\"swiper-slide\" role=\"group\" aria-roledescription=\"slide\" aria-label=\"11 de 13\"><figure class=\"swiper-slide-inner\"><img decoding=\"async\" class=\"swiper-slide-image\" src=\"https:\/\/www.danielsaldanaparis.com\/wp-content\/uploads\/2021\/06\/daniel-saldana-paris-la-linea-madre-196x300.jpg\" alt=\"daniel-saldana-paris-la-linea-madre\" \/><\/figure><\/div><div class=\"swiper-slide\" role=\"group\" aria-roledescription=\"slide\" aria-label=\"12 de 13\"><figure class=\"swiper-slide-inner\"><img decoding=\"async\" class=\"swiper-slide-image\" src=\"https:\/\/www.danielsaldanaparis.com\/wp-content\/uploads\/2021\/06\/parmidetranges-victimes-196x300.jpg\" alt=\"parmidetranges victimes\" \/><\/figure><\/div><div class=\"swiper-slide\" role=\"group\" aria-roledescription=\"slide\" aria-label=\"13 de 13\"><figure class=\"swiper-slide-inner\"><img decoding=\"async\" class=\"swiper-slide-image\" src=\"https:\/\/www.danielsaldanaparis.com\/wp-content\/uploads\/2021\/06\/amongstrangevictims-201x300.jpg\" alt=\"amongstrangevictims\" \/><\/figure><\/div>\t\t\t<\/div>\n\t\t\t\t\t\t\t\t\t\t\t\t<div class=\"elementor-swiper-button elementor-swiper-button-prev\" role=\"button\" tabindex=\"0\">\n\t\t\t\t\t\t<svg aria-hidden=\"true\" class=\"e-font-icon-svg e-eicon-chevron-left\" viewBox=\"0 0 1000 1000\" xmlns=\"http:\/\/www.w3.org\/2000\/svg\"><path d=\"M646 125C629 125 613 133 604 142L308 442C296 454 292 471 292 487 292 504 296 521 308 533L604 854C617 867 629 875 646 875 663 875 679 871 692 858 704 846 713 829 713 812 713 796 708 779 692 767L438 487 692 225C700 217 708 204 708 187 708 171 704 154 692 142 675 129 663 125 646 125Z\"><\/path><\/svg>\t\t\t\t\t<\/div>\n\t\t\t\t\t<div class=\"elementor-swiper-button elementor-swiper-button-next\" role=\"button\" tabindex=\"0\">\n\t\t\t\t\t\t<svg aria-hidden=\"true\" class=\"e-font-icon-svg e-eicon-chevron-right\" viewBox=\"0 0 1000 1000\" xmlns=\"http:\/\/www.w3.org\/2000\/svg\"><path d=\"M696 533C708 521 713 504 713 487 713 471 708 454 696 446L400 146C388 133 375 125 354 125 338 125 325 129 313 142 300 154 292 171 292 187 292 204 296 221 308 233L563 492 304 771C292 783 288 800 288 817 288 833 296 850 308 863 321 871 338 875 354 875 371 875 388 867 400 854L696 533Z\"><\/path><\/svg>\t\t\t\t\t<\/div>\n\t\t\t\t\n\t\t\t\t\t\t\t\t\t<div class=\"swiper-pagination\"><\/div>\n\t\t\t\t\t\t\t\t\t<\/div>\n\t\t\t\t\t\t<\/div>\n\t\t\t\t\t<\/div>\n\t\t<\/div>\n\t\t\t\t\t<\/div>\n\t\t<\/section>\n\t\t\t\t<section class=\"elementor-section elementor-top-section elementor-element elementor-element-3786799 elementor-section-boxed elementor-section-height-default elementor-section-height-default\" data-id=\"3786799\" data-element_type=\"section\" data-e-type=\"section\">\n\t\t\t\t\t\t<div class=\"elementor-container elementor-column-gap-default\">\n\t\t\t\t\t<div class=\"elementor-column elementor-col-66 elementor-top-column elementor-element elementor-element-c97fca3\" data-id=\"c97fca3\" data-element_type=\"column\" data-e-type=\"column\">\n\t\t\t<div class=\"elementor-widget-wrap elementor-element-populated\">\n\t\t\t\t\t\t<div class=\"elementor-element elementor-element-06c5915 elementor-widget elementor-widget-text-editor\" data-id=\"06c5915\" data-element_type=\"widget\" data-e-type=\"widget\" data-widget_type=\"text-editor.default\">\n\t\t\t\t\t\t\t\t\t<h4>Ciudad de M\u00e9xico, 1984<\/h4><hr \/><div><div><p>Narrador, ensayista, poeta y traductor. Su libro m\u00e1s reciente es <a href=\"https:\/\/www.anagrama-ed.es\/libro\/narrativas-hispanicas\/el-baile-y-el-incendio\/9788433999368\/NH_685\"><em>El baile y el incendio<\/em><\/a> (Finalista del 39\u00b0 Premio Herralde de Novela; Anagrama, 2021).\u00a0 Tambi\u00e9n es autor de los libros de poemas <em>Esa pura materia<\/em>\u00a0(Premio Nacional de Poetas J\u00f3venes Jaime Reyes 2007) y\u00a0<a href=\"https:\/\/loslibrosdelamujerrota.com\/producto\/pronto-la-maquina-autobiografica\/\" target=\"_blank\" rel=\"noreferrer noopener\"><em>La m\u00e1quina autobiogr\u00e1fica<\/em><\/a> (Bonobos, 2012; Los Libros de la Mujer Rota, Chile, 2019), de las novelas <a href=\"https:\/\/sextopiso.mx\/esp\/item\/126\/2\/en-medio-de-extranas-victimas\" target=\"_blank\" rel=\"noreferrer noopener\"><em>En medio de extra\u00f1as v\u00edctimas<\/em><\/a> (Sexto Piso, 2013) y\u00a0<a href=\"https:\/\/sextopiso.mx\/esp\/item\/440\/el-nervio-principal\" target=\"_blank\" rel=\"noreferrer noopener\"><em>El nervio principal<\/em>\u00a0<\/a>(Sexto Piso, 2018), ambas traducidas a varios idiomas, y del volumen de ensayos narrativos <em><a href=\"https:\/\/www.anagrama-ed.es\/libro\/narrativas-hispanicas\/aviones-sobrevolando-un-monstruo\/9788433999221\/NH_671\">Aviones sobrevolando un monstruo<\/a><\/em> (Anagrama, 2021). En 2024 public\u00f3 el ensayo sonoro <i><a href=\"https:\/\/prueba.everand.com\/ayudantes\/\">Los ayudantes del sol <\/a><\/i>(Everand).<\/p><p>Ha sido becario del Fondo Nacional para la Cultura y las Artes en el programa de J\u00f3venes Creadores (2006-2007 y 2016-2017), de la Fundaci\u00f3n para las Letras Mexicanas (2007-2008 y 2008-2009) y del programa de Residencias Art\u00edsticas FONCA-Conseil des Arts et des Lettres du Qu\u00e9bec (Montreal, Canad\u00e1, 2012). Ha sido escritor residente y becario en la Union des \u00c9crivaines et des \u00c9crivains Qu\u00e9becois (Quebec), The MacDowell Colony (EE.UU.), Omi International Center for the Arts (EE.UU.), The Banff Center (Canad\u00e1), en la <a href=\"https:\/\/malba.org.ar\/en\/evento\/residencia-de-escritores-5-daniel-saldana-paris\/\" target=\"_blank\" rel=\"noreferrer noopener\">Residencia de Escritores del Museo de Arte Latinoamericano de Buenos Aires<\/a>\u00a0(Argentina) y en la F<a href=\"https:\/\/fondation-janmichalski.com\/en\/residences\/residents\/daniel-saldana-paris\">undaci\u00f3n Jan Michalski<\/a> (Suiza).<\/p><p>Realiz\u00f3 el pr\u00f3logo y la selecci\u00f3n de las antolog\u00edas\u00a0<a href=\"http:\/\/www.literatura.unam.mx\/index.php\/descargables\/92-descargables_2013\/515-doce-en-punto-poesia-chilena-reciente\" target=\"_blank\" rel=\"noreferrer noopener\"><em>Doce en punto. Poes\u00eda chilena reciente<\/em>\u00a0<em>(1971-1982)<\/em><\/a>\u00a0(UNAM, 2012) y\u00a0<a href=\"http:\/\/www.libros.unam.mx\/un-nuevo-modo-antologia-de-narrativa-mexicana-actual-9786070238628-libro.html\" target=\"_blank\" rel=\"noreferrer noopener\"><em>Un nuevo modo. Antolog\u00eda de narrativa mexicana actual<\/em>\u00a0<\/a>(UNAM, 2012). Su trabajo po\u00e9tico ha sido incluido en antolog\u00edas como\u00a0<em>Divino tesoro. Muestra de nueva poes\u00eda mexicana<\/em>\u00a0(Casa Vecina, 2008),\u00a0<em>Muestra de literatura joven de M\u00e9xico<\/em>\u00a0(FLM, 2008) y\u00a0<em>La edad de oro. Antolog\u00eda de poes\u00eda mexicana actual\u00a0<\/em>(UNAM, 2012). Su obra narrativa ha sido antologada en\u00a0<em>Voces -30 Latinoam\u00e9rica\u00a0<\/em>(Patagonia Ebooks, Chile, 2014),\u00a0<em>Mexico20: New Voices, Old Traditions<\/em>\u00a0(Pushkin Press, Inglaterra, 2015),\u00a0<em>Bogota39: New Voices from Latin America<\/em>\u00a0(OneWorld, Inglaterra, 2018) y <i>Lo infraordinario. Narraciones alrededor de Georges Perec y la b\u00fasqueda literaria en lo cotidiano<\/i> (Gris Tormenta, M\u00e9xico, 2018), entre otras.<\/p><p>Desarroll\u00f3 el proyecto\u00a0<a href=\"https:\/\/mupd.wordpress.com\/\" target=\"_blank\" rel=\"noreferrer noopener\">M\u00e9todo Universal de Poes\u00eda Derivada<\/a>, incluido en el Sexto Foro de Arte P\u00fablico de la Sala de Arte P\u00fablico Siqueiros (2009) y en el Festival Filba Internacional de Literatura (Buenos Aires, 2019), y particip\u00f3 en la exposici\u00f3n colectiva\u00a0<a href=\"https:\/\/www.houseofgaga.com\/34_todos-los-originales-seran-destruidos.php\" target=\"_blank\" rel=\"noreferrer noopener\"><em>Todos los originales ser\u00e1n destruidos<\/em><\/a>, exhibida en la galer\u00eda House of Gaga (Ciudad de M\u00e9xico, 2014).\u00a0<\/p><p>Como traductor, ha trabajado con textos sobre arte para el Museo Universitario de Arte Contempor\u00e1neo (MUAC) y el Museum of Modern Art (MoMA) de Nueva York. En colaboraci\u00f3n con la autora, tradujo al espa\u00f1ol la novela<em>\u00a0Lost Children Archive<\/em>\u00a0(<a href=\"https:\/\/sextopiso.mx\/esp\/item\/462\/desierto-sonoro\" target=\"_blank\" rel=\"noreferrer noopener\"><em>Desierto sonoro<\/em><\/a>), de Valeria Luiselli. Ha traducido tambi\u00e9n\u00a0a Francisco Goldman, Nellie Bly, Jon Lee Anderson, Bryan Washington y Ocean Vuong, entre otros.<\/p><p>Ha colaborado en publicaciones como <em>El Pa\u00eds<\/em> (Espa\u00f1a), <em>The Guardian<\/em> (Inglaterra), <em>BOMB<\/em>, <em>Guernica<\/em>, <em>Aperture<\/em>, <em>Harper&#8217;s<\/em>, <i>The Yale Review\u00a0<\/i><span style=\"color: var( --e-global-color-text ); font-family: var( --e-global-typography-text-font-family ), Sans-serif; font-weight: var( --e-global-typography-text-font-weight );\">(EE.UU.)<\/span><span style=\"color: var( --e-global-color-text ); font-family: var( --e-global-typography-text-font-family ), Sans-serif; font-weight: var( --e-global-typography-text-font-weight );\">,\u00a0<\/span><em style=\"color: var( --e-global-color-text ); font-family: var( --e-global-typography-text-font-family ), Sans-serif; font-weight: var( --e-global-typography-text-font-weight );\">Revista de la Universidad de M\u00e9xico<\/em><span style=\"color: var( --e-global-color-text ); font-family: var( --e-global-typography-text-font-family ), Sans-serif; font-weight: var( --e-global-typography-text-font-weight );\">, <\/span><em style=\"color: var( --e-global-color-text ); font-family: var( --e-global-typography-text-font-family ), Sans-serif; font-weight: var( --e-global-typography-text-font-weight );\">Gatopardo<\/em><span style=\"color: var( --e-global-color-text ); font-family: var( --e-global-typography-text-font-family ), Sans-serif; font-weight: var( --e-global-typography-text-font-weight );\"> (M\u00e9xico),\u00a0<\/span><em style=\"color: var( --e-global-color-text ); font-family: var( --e-global-typography-text-font-family ), Sans-serif; font-weight: var( --e-global-typography-text-font-weight );\"> L\u2019Inconv\u00e9nient<\/em><span style=\"color: var( --e-global-color-text ); font-family: var( --e-global-typography-text-font-family ), Sans-serif; font-weight: var( --e-global-typography-text-font-weight );\"> (Qu\u00e9bec), <\/span><em style=\"color: var( --e-global-color-text ); font-family: var( --e-global-typography-text-font-family ), Sans-serif; font-weight: var( --e-global-typography-text-font-weight );\">El Malpensante <\/em><span style=\"color: var( --e-global-color-text ); font-family: var( --e-global-typography-text-font-family ), Sans-serif; font-weight: var( --e-global-typography-text-font-weight );\">(Colombia), <\/span><em style=\"color: var( --e-global-color-text ); font-family: var( --e-global-typography-text-font-family ), Sans-serif; font-weight: var( --e-global-typography-text-font-weight );\">Crisis<\/em><span style=\"color: var( --e-global-color-text ); font-family: var( --e-global-typography-text-font-family ), Sans-serif; font-weight: var( --e-global-typography-text-font-weight );\"> (Argentina), <\/span><em style=\"color: var( --e-global-color-text ); font-family: var( --e-global-typography-text-font-family ), Sans-serif; font-weight: var( --e-global-typography-text-font-weight );\">Casapa\u00eds<\/em><span style=\"color: var( --e-global-color-text ); font-family: var( --e-global-typography-text-font-family ), Sans-serif; font-weight: var( --e-global-typography-text-font-weight );\"> (Uruguay) y en el Blog de Eterna Cadencia (Argentina), entre otras.<\/span><\/p><p>En 2017 fue incluido por el Hay Festival en la lista Bogot\u00e139 de los mejores escritores de Am\u00e9rica Latina menores de 40 a\u00f1os y en 2020 gan\u00f3 el\u00a0<a href=\"https:\/\/www.hayfestival.com\/premio-de-literatura-eccles-centre-hay-festival?utm_medium=email&amp;utm_campaign=Premio%20de%20literatura%20Eccles%20Centre%20%20Hay%20Festival&amp;utm_content=Premio%20de%20literatura%20Eccles%20Centre%20%20Hay%20Festival+Preview+CID_7064aa8ccc2104109a59a4b7a0d0b34a&amp;utm_source=Newsletter&amp;utm_term=aqu\" target=\"_blank\" rel=\"noreferrer noopener\">Eccles Centre &amp; Hay Festival Writers Award<\/a>, concedido por la Biblioteca Brit\u00e1nica y el Hay Festival en el Reino Unido.\u00a0<\/p><p>Fue becario del <a href=\"https:\/\/www.nypl.org\/help\/about-nypl\/fellowships-institutes\/center-for-scholars-and-writers\/fellowships-at-the-cullman-center\/current-fellows\">Cullman Center for Scholars and Writers<\/a> de la New York Public Library por el periodo 2022-2023. Actualmente es becario de la <a href=\"https:\/\/borchardlit.org\/\">Fundaci\u00f3n Borchard<\/a> y miembro del Sistema Nacional de Creadores de Arte. Lo representa a nivel internacional la agencia literaria <a href=\"http:\/\/www.casanovaslynch.com\/authors.html\" target=\"_blank\" rel=\"noreferrer noopener\">Casanovas &amp; Lynch<\/a>, de Barcelona.<\/p><\/div><\/div>\t\t\t\t\t\t\t\t<\/div>\n\t\t\t\t\t<\/div>\n\t\t<\/div>\n\t\t\t\t<div class=\"elementor-column elementor-col-33 elementor-top-column elementor-element elementor-element-9eebb4c\" data-id=\"9eebb4c\" data-element_type=\"column\" data-e-type=\"column\">\n\t\t\t<div class=\"elementor-widget-wrap elementor-element-populated\">\n\t\t\t\t\t\t<div class=\"elementor-element elementor-element-07532e5 elementor-widget elementor-widget-text-editor\" data-id=\"07532e5\" data-element_type=\"widget\" data-e-type=\"widget\" data-widget_type=\"text-editor.default\">\n\t\t\t\t\t\t\t\t\t<h4>Lo que se dice:<\/h4><div>\u00a0<\/div><div class=\"gmail_default\">\u00abA kaleidoscopic, erudite, and sweepingly tender novel reminiscent of Sebald, if Sebald was on acid. <i>T<\/i><i>he Dance and the Fire<\/i>\u2019s power comes from the ambitious (yet brilliantly compacted) range of its themes\u2014fatherhood, eros, art, judgment, personal and archival aporia\u2014that culminate in a book as capacious, porous, and resonant as history itself.\u00bb<\/div><div class=\"gmail_default\">\u2014<strong><span class=\"il\">Ocean<\/span>\u00a0<span class=\"il\">Vuong<\/span><\/strong>\u00a0<\/div><p>\u00abPara que todo esto no sea un ejercicio de autocompasi\u00f3n u otra muestra de exhibicionismo <i>autoficcional<\/i>\u00a0hace falta una s\u00f3lida armadura literaria. Y Salda\u00f1a la posee.\u00bb <strong>\u2014<em>Babelia<\/em><\/strong><\/p><p>\u00abExento de sentimentalismo, habitado por una inteligencia de las relaciones humanas y por una simplicidad en la enunciaci\u00f3n de la verdad.\u00bb\u00a0<strong>\u2014<em>Lib\u00e9ration<\/em><\/strong><\/p><div><span style=\"color: var( --e-global-color-text ); font-family: var( --e-global-typography-text-font-family ), Sans-serif; font-weight: var( --e-global-typography-text-font-weight );\">\u00abBreve, brillantemente escrito y tocado por un sentido del absurdo.\u00bb <br \/><\/span><strong style=\"color: var( --e-global-color-text ); font-family: var( --e-global-typography-text-font-family ), Sans-serif;\">\u2014<em>NPR<\/em><\/strong><\/div><p>\u00abUna lectura inolvidable.\u00bb\u00a0<br \/><strong>\u2014<em>Le Journal du Dimanche<\/em><\/strong><\/p><p>\u00abIntrigante y recomendable novela que cuenta entre sus alicientes con un sabio manejo del suspense y del ritmo.\u00bb <em><strong>\u2014El Mundo<\/strong><\/em><\/p><p>\u00abSalda\u00f1a Par\u00eds recobra el verdadero sentido de la obra literaria\u00bb. <br \/><em><strong>\u2014La Jornada<\/strong> <\/em><\/p><p>\u00abUno de los escritores m\u00e1s interesantes del panorama latinoamericano.\u00bb <br \/><em><strong>\u2014La Stampa<\/strong> <\/em><\/p><p>\u00ab[<em>Aviones sobrevolando un monstruo<\/em> es] un libro hermoso, a ratos terrible y siempre po\u00e9tico.\u00bb <br \/><strong>\u2014<em>El Cultural<\/em><\/strong><\/p><p>\u00abUna celebrable inyecci\u00f3n de vitalidad en la literatura norteamericana.\u201d <br \/><em><strong>\u2014Bookslut<\/strong> <\/em><\/p><p>\u00abDe lo mejor de la literatura que se hace al otro lado del charco\u00bb. <br \/><strong><em>\u2014ABC<\/em> <\/strong><\/p><p>\u00abUna mirada inteligente, en desconfianza continua de su propia experiencia.\u00bb <strong><em>\u2014Letras Libres<\/em><\/strong><\/p>\t\t\t\t\t\t\t\t<\/div>\n\t\t\t\t\t<\/div>\n\t\t<\/div>\n\t\t\t\t\t<\/div>\n\t\t<\/section>\n\t\t\t\t<\/div>\n\t\t","protected":false},"excerpt":{"rendered":"<p>Ciudad de M\u00e9xico, 1984 Narrador, ensayista, poeta y traductor. Su libro m\u00e1s reciente es El baile y el incendio (Finalista del 39\u00b0 Premio Herralde de&#8230;<\/p>\n<div class=\"more-link-wrapper\"><a class=\"more-link\" href=\"https:\/\/www.danielsaldanaparis.com\/en\/bio\/\">Continue reading<span class=\"screen-reader-text\">Bio<\/span><\/a><\/div>","protected":false},"author":1,"featured_media":0,"parent":0,"menu_order":0,"comment_status":"closed","ping_status":"closed","template":"","meta":{"_coblocks_attr":"Arial,Helvetica","_coblocks_dimensions":"","_coblocks_responsive_height":"","_coblocks_accordion_ie_support":"","footnotes":""},"class_list":["post-7","page","type-page","status-publish","hentry","entry"],"_links":{"self":[{"href":"https:\/\/www.danielsaldanaparis.com\/en\/wp-json\/wp\/v2\/pages\/7","targetHints":{"allow":["GET"]}}],"collection":[{"href":"https:\/\/www.danielsaldanaparis.com\/en\/wp-json\/wp\/v2\/pages"}],"about":[{"href":"https:\/\/www.danielsaldanaparis.com\/en\/wp-json\/wp\/v2\/types\/page"}],"author":[{"embeddable":true,"href":"https:\/\/www.danielsaldanaparis.com\/en\/wp-json\/wp\/v2\/users\/1"}],"replies":[{"embeddable":true,"href":"https:\/\/www.danielsaldanaparis.com\/en\/wp-json\/wp\/v2\/comments?post=7"}],"version-history":[{"count":56,"href":"https:\/\/www.danielsaldanaparis.com\/en\/wp-json\/wp\/v2\/pages\/7\/revisions"}],"predecessor-version":[{"id":223,"href":"https:\/\/www.danielsaldanaparis.com\/en\/wp-json\/wp\/v2\/pages\/7\/revisions\/223"}],"wp:attachment":[{"href":"https:\/\/www.danielsaldanaparis.com\/en\/wp-json\/wp\/v2\/media?parent=7"}],"curies":[{"name":"wp","href":"https:\/\/api.w.org\/{rel}","templated":true}]}}